{"id":10,"date":"2018-01-09T22:28:11","date_gmt":"2018-01-09T21:28:11","guid":{"rendered":"http:\/\/collectifpleinlavue.org\/?page_id=10"},"modified":"2024-07-18T21:51:31","modified_gmt":"2024-07-18T19:51:31","slug":"home","status":"publish","type":"page","link":"https:\/\/collectifpleinlavue.org\/","title":{"rendered":"Bienvenue!"},"content":{"rendered":"\n<div class=\"wp-block-cover alignfull\" style=\"min-height:542px;aspect-ratio:unset;\"><span aria-hidden=\"true\" class=\"wp-block-cover__background has-background-dim\" style=\"background-color:#636d81\"><\/span><img fetchpriority=\"high\" decoding=\"async\" width=\"3000\" height=\"2000\" class=\"wp-block-cover__image-background wp-image-253\" alt=\"\" src=\"https:\/\/collectifpleinlavue.org\/wp-content\/uploads\/2018\/01\/CollectifPleinLaVue-couleur.jpg\" style=\"object-position:48% 38%\" data-object-fit=\"cover\" data-object-position=\"48% 38%\" srcset=\"https:\/\/collectifpleinlavue.org\/wp-content\/uploads\/2018\/01\/CollectifPleinLaVue-couleur.jpg 3000w, https:\/\/collectifpleinlavue.org\/wp-content\/uploads\/2018\/01\/CollectifPleinLaVue-couleur-300x200.jpg 300w, https:\/\/collectifpleinlavue.org\/wp-content\/uploads\/2018\/01\/CollectifPleinLaVue-couleur-768x512.jpg 768w, https:\/\/collectifpleinlavue.org\/wp-content\/uploads\/2018\/01\/CollectifPleinLaVue-couleur-1024x683.jpg 1024w, https:\/\/collectifpleinlavue.org\/wp-content\/uploads\/2018\/01\/CollectifPleinLaVue-couleur-360x240.jpg 360w\" sizes=\"(max-width: 3000px) 100vw, 3000px\" \/><div class=\"wp-block-cover__inner-container is-layout-constrained wp-block-cover-is-layout-constrained\">\n<h1 class=\"wp-block-heading has-text-align-center has-palette-color-8-color has-text-color has-link-color has-x-large-font-size wp-elements-ffd3b876a9944d101720ee63f4426be7\">Le collectif Plein la Vue<\/h1>\n\n\n\n<p class=\"has-text-align-center has-large-font-size\">Le but de ce collectif est de diminuer la pression publicitaire dans le Grand Lyon en influen\u00e7ant les d\u00e9cisions prises par les \u00e9lus, lors de l\u2019\u00e9laboration du R\u00e8glement Local de Publicit\u00e9 Intercommunal (RLPI) de la M\u00e9tropole de Lyon. Il s\u2019agit donc de se faire entendre au niveau politique.<\/p>\n<\/div><\/div>\n\n\n\n<h2 class=\"wp-block-heading has-text-align-center\">Derni\u00e8res News<\/h2>\n\n\n<ul class=\"wp-block-latest-posts__list is-grid columns-4 wp-block-latest-posts\"><li><a class=\"wp-block-latest-posts__post-title\" href=\"https:\/\/collectifpleinlavue.org\/index.php\/2021\/04\/15\/revue-de-presse-mars-avril-2021\/\">Revue de presse &#8211; Avril 2021<\/a><div class=\"wp-block-latest-posts__post-excerpt\">Ce mois-ci : Focus sur les \u00e9crans num\u00e9riques, la loi Climat-R\u00e9silience et le collectif \u00ab\u00a0Touche pas \u00e0 ma Vitrine\u201d Sur les \u00e9crans \u00e0 l\u2019assaut des villes : gros plan sur ces panneaux lumineux, une pollution visuelle agressive et \u00e9nergivore. En savoir plus&#8230; Loi Climat-R\u00e9silience en d\u00e9bat \u00e0 l&rsquo;assembl\u00e9e, un\u2026 <a class=\"wp-block-latest-posts__read-more\" href=\"https:\/\/collectifpleinlavue.org\/index.php\/2021\/04\/15\/revue-de-presse-mars-avril-2021\/\" rel=\"noopener noreferrer\">Lire la suite<span class=\"screen-reader-text\">\u00a0: Revue de presse &#8211; Avril 2021<\/span><\/a><\/div><\/li>\n<li><a class=\"wp-block-latest-posts__post-title\" href=\"https:\/\/collectifpleinlavue.org\/index.php\/2021\/03\/31\/revue-de-presse-mars-2021\/\">Revue de Presse &#8211; Mars 2021<\/a><div class=\"wp-block-latest-posts__post-excerpt\">Ce mois-ci : Lyon Mag, Le Progr\u00e8s, France3 R\u00e9gion, BFM-TV et Lyon Premi\u00e8re ont couvert les actions r\u00e9alis\u00e9es dans cadre de la journ\u00e9e mondiale contre la publicit\u00e9, le 25 Mars. 25 Mars 2021 &#8211; Lyon Mag Lyon et Villeurbanne : 149 affiches placard\u00e9es pour la journ\u00e9e mondiale contre la\u2026 <a class=\"wp-block-latest-posts__read-more\" href=\"https:\/\/collectifpleinlavue.org\/index.php\/2021\/03\/31\/revue-de-presse-mars-2021\/\" rel=\"noopener noreferrer\">Lire la suite<span class=\"screen-reader-text\">\u00a0: Revue de Presse &#8211; Mars 2021<\/span><\/a><\/div><\/li>\n<li><div class=\"wp-block-latest-posts__featured-image aligncenter\"><img decoding=\"async\" width=\"300\" height=\"300\" src=\"https:\/\/collectifpleinlavue.org\/wp-content\/uploads\/2021\/03\/photo_2021-03-25_08-12-11-300x300.jpg\" class=\"attachment-medium size-medium wp-post-image\" alt=\"\" style=\"max-width:225px;max-height:225px;\" srcset=\"https:\/\/collectifpleinlavue.org\/wp-content\/uploads\/2021\/03\/photo_2021-03-25_08-12-11-300x300.jpg 300w, https:\/\/collectifpleinlavue.org\/wp-content\/uploads\/2021\/03\/photo_2021-03-25_08-12-11-1024x1024.jpg 1024w, https:\/\/collectifpleinlavue.org\/wp-content\/uploads\/2021\/03\/photo_2021-03-25_08-12-11-150x150.jpg 150w, https:\/\/collectifpleinlavue.org\/wp-content\/uploads\/2021\/03\/photo_2021-03-25_08-12-11-768x768.jpg 768w, https:\/\/collectifpleinlavue.org\/wp-content\/uploads\/2021\/03\/photo_2021-03-25_08-12-11.jpg 1280w\" sizes=\"(max-width: 300px) 100vw, 300px\" \/><\/div><a class=\"wp-block-latest-posts__post-title\" href=\"https:\/\/collectifpleinlavue.org\/index.php\/2021\/03\/25\/communique-de-presse-la-pub-tue-le-climat-non-au-sans-filtre-avec-les-publicitaires-placarde-sur-149-publicites-par-des-activistes\/\">Communiqu\u00e9 de presse &#8211; \u201cLa pub tue le climat ! Non au sans filtre avec les publicitaires\u201d placard\u00e9 sur 149 publicit\u00e9s par des activistes<\/a><div class=\"wp-block-latest-posts__post-excerpt\">Lyon \u2013 jeudi 25 mars \u2013 \u00c0 Lyon et Villeurbanne comme dans de nombreuses autres villes en France, des activistes de R\u00e9sistance \u00e0 l\u2019Agression Publicitaire Lyon, Plein La Vue et Alternatiba ANV Rh\u00f4ne ont effectu\u00e9 un recouvrement de 149 publicit\u00e9s pour rappeler que le gouvernement agit en faveur des\u2026 <a class=\"wp-block-latest-posts__read-more\" href=\"https:\/\/collectifpleinlavue.org\/index.php\/2021\/03\/25\/communique-de-presse-la-pub-tue-le-climat-non-au-sans-filtre-avec-les-publicitaires-placarde-sur-149-publicites-par-des-activistes\/\" rel=\"noopener noreferrer\">Lire la suite<span class=\"screen-reader-text\">\u00a0: Communiqu\u00e9 de presse &#8211; \u201cLa pub tue le climat ! Non au sans filtre avec les publicitaires\u201d placard\u00e9 sur 149 publicit\u00e9s par des activistes<\/span><\/a><\/div><\/li>\n<li><div class=\"wp-block-latest-posts__featured-image aligncenter\"><img decoding=\"async\" width=\"300\" height=\"200\" src=\"https:\/\/collectifpleinlavue.org\/wp-content\/uploads\/2020\/10\/CielEtoile-300x200.jpg\" class=\"attachment-medium size-medium wp-post-image\" alt=\"\" style=\"max-width:225px;max-height:225px;\" srcset=\"https:\/\/collectifpleinlavue.org\/wp-content\/uploads\/2020\/10\/CielEtoile-300x200.jpg 300w, https:\/\/collectifpleinlavue.org\/wp-content\/uploads\/2020\/10\/CielEtoile-768x512.jpg 768w, https:\/\/collectifpleinlavue.org\/wp-content\/uploads\/2020\/10\/CielEtoile-360x240.jpg 360w, https:\/\/collectifpleinlavue.org\/wp-content\/uploads\/2020\/10\/CielEtoile.jpg 930w\" sizes=\"(max-width: 300px) 100vw, 300px\" \/><\/div><a class=\"wp-block-latest-posts__post-title\" href=\"https:\/\/collectifpleinlavue.org\/index.php\/2021\/02\/22\/le-collectif-plein-la-vue-lance-une-grande-campagne-de-financement-participatif-pour-diffuser-la-charte-chauve-souris\/\">Le Collectif Plein La Vue lance une campagne de financement participatif pour diffuser la Charte Chauve-Souris !!<\/a><div class=\"wp-block-latest-posts__post-excerpt\">Campagne de financement participatif pour lancer la Charte Chauve-Souris !<\/div><\/li>\n<li><div class=\"wp-block-latest-posts__featured-image aligncenter\"><img loading=\"lazy\" decoding=\"async\" width=\"300\" height=\"225\" src=\"https:\/\/collectifpleinlavue.org\/wp-content\/uploads\/2021\/02\/photo_2020-12-21_00-48-40-300x225.jpg\" class=\"attachment-medium size-medium wp-post-image\" alt=\"\" style=\"max-width:225px;max-height:225px;\" srcset=\"https:\/\/collectifpleinlavue.org\/wp-content\/uploads\/2021\/02\/photo_2020-12-21_00-48-40-300x225.jpg 300w, https:\/\/collectifpleinlavue.org\/wp-content\/uploads\/2021\/02\/photo_2020-12-21_00-48-40-1024x768.jpg 1024w, https:\/\/collectifpleinlavue.org\/wp-content\/uploads\/2021\/02\/photo_2020-12-21_00-48-40-768x576.jpg 768w, https:\/\/collectifpleinlavue.org\/wp-content\/uploads\/2021\/02\/photo_2020-12-21_00-48-40.jpg 1280w\" sizes=\"(max-width: 300px) 100vw, 300px\" \/><\/div><a class=\"wp-block-latest-posts__post-title\" href=\"https:\/\/collectifpleinlavue.org\/index.php\/2020\/12\/21\/communique-de-presse-bache-publicitaire-geante-pour-une-zone-commerciale-de-villefontaine-quand-la-place-bellecour-devient-un-outil-publicitaire-jouant-contre-les-commerces-lyonnais\/\">Communiqu\u00e9 de Presse : B\u00e2che publicitaire g\u00e9ante pour une zone commerciale de Villefontaine : quand la place Bellecour devient un outil publicitaire jouant contre les commerces lyonnais<\/a><div class=\"wp-block-latest-posts__post-excerpt\">Une dynamique publicitaire qui nuit au commerce local et favorise des pratiques de consommations toujours plus motoris\u00e9es et donc polluantes&#8230;<\/div><\/li>\n<li><div class=\"wp-block-latest-posts__featured-image aligncenter\"><img loading=\"lazy\" decoding=\"async\" width=\"275\" height=\"183\" src=\"https:\/\/collectifpleinlavue.org\/wp-content\/uploads\/2020\/10\/ecrans-vitrines-defense-92.fr_.jpg\" class=\"attachment-medium size-medium wp-post-image\" alt=\"\" style=\"max-width:225px;max-height:225px;\" \/><\/div><a class=\"wp-block-latest-posts__post-title\" href=\"https:\/\/collectifpleinlavue.org\/index.php\/2020\/10\/07\/communique-de-presse-lutte-contre-les-ecrans-publicitaires-derriere-les-vitrines-lyon-et-villeurbanne-doivent-suivre-lexemple-de-paris\/\">Communiqu\u00e9 de Presse &#8211; Lutte contre les \u00e9crans publicitaires derri\u00e8re les vitrines : Lyon et Villeurbanne doivent suivre l&rsquo;exemple de Paris<\/a><div class=\"wp-block-latest-posts__post-excerpt\">La mairie de Paris a r\u00e9cemment\u00a0annonc\u00e9\u00a0sa d\u00e9cision de s\u2019opposer \u00e0 la prolif\u00e9ration des publicit\u00e9s num\u00e9riques derri\u00e8re les vitrines. Ce ph\u00e9nom\u00e8ne nouveau, en cours de d\u00e9ploiement massif, abuse d&rsquo;une d\u00e9rogation faite aux vitrines commerciales dans le cadre des r\u00e9glementations sur la publicit\u00e9.<\/div><\/li>\n<li><div class=\"wp-block-latest-posts__featured-image aligncenter\"><img loading=\"lazy\" decoding=\"async\" width=\"300\" height=\"251\" src=\"https:\/\/collectifpleinlavue.org\/wp-content\/uploads\/2020\/06\/Paysage-M\u00e9tropole-300x251.jpg\" class=\"attachment-medium size-medium wp-post-image\" alt=\"\" style=\"max-width:225px;max-height:225px;\" srcset=\"https:\/\/collectifpleinlavue.org\/wp-content\/uploads\/2020\/06\/Paysage-M\u00e9tropole-300x251.jpg 300w, https:\/\/collectifpleinlavue.org\/wp-content\/uploads\/2020\/06\/Paysage-M\u00e9tropole-768x644.jpg 768w, https:\/\/collectifpleinlavue.org\/wp-content\/uploads\/2020\/06\/Paysage-M\u00e9tropole.jpg 940w\" sizes=\"(max-width: 300px) 100vw, 300px\" \/><\/div><a class=\"wp-block-latest-posts__post-title\" href=\"https:\/\/collectifpleinlavue.org\/index.php\/2020\/06\/24\/consultation-des-candidat-es-2e-tour\/\">Publicit\u00e9 et environnement : entre enjeu local et national, quelles sont les positions des candidats sur le territoire du Grand Lyon ?<\/a><div class=\"wp-block-latest-posts__post-excerpt\">Publicit\u00e9 et environnement : entre enjeu local et national, quelles sont les positions des candidats sur le territoire du Grand Lyon ? Le collectif \u00ab\u00a0Plein La Vue\u00a0\u00bb et l&rsquo;association \u00ab\u00a0R\u00e9sistance \u00e0 l&rsquo;Agression Publicitaire\u00a0\u00bb, engag\u00e9es pour la r\u00e9duction de la pression publicitaire dans les espaces publics, mettent \u00e0 jour l&rsquo;information\u2026 <a class=\"wp-block-latest-posts__read-more\" href=\"https:\/\/collectifpleinlavue.org\/index.php\/2020\/06\/24\/consultation-des-candidat-es-2e-tour\/\" rel=\"noopener noreferrer\">Lire la suite<span class=\"screen-reader-text\">\u00a0: Publicit\u00e9 et environnement : entre enjeu local et national, quelles sont les positions des candidats sur le territoire du Grand Lyon ?<\/span><\/a><\/div><\/li>\n<li><div class=\"wp-block-latest-posts__featured-image aligncenter\"><img loading=\"lazy\" decoding=\"async\" width=\"300\" height=\"185\" src=\"https:\/\/collectifpleinlavue.org\/wp-content\/uploads\/2020\/06\/20171111_115451-scaled-e1592228823962-300x185.jpg\" class=\"attachment-medium size-medium wp-post-image\" alt=\"\" style=\"max-width:225px;max-height:225px;\" srcset=\"https:\/\/collectifpleinlavue.org\/wp-content\/uploads\/2020\/06\/20171111_115451-scaled-e1592228823962-300x185.jpg 300w, https:\/\/collectifpleinlavue.org\/wp-content\/uploads\/2020\/06\/20171111_115451-scaled-e1592228823962-1024x633.jpg 1024w, https:\/\/collectifpleinlavue.org\/wp-content\/uploads\/2020\/06\/20171111_115451-scaled-e1592228823962-768x475.jpg 768w, https:\/\/collectifpleinlavue.org\/wp-content\/uploads\/2020\/06\/20171111_115451-scaled-e1592228823962-1536x949.jpg 1536w, https:\/\/collectifpleinlavue.org\/wp-content\/uploads\/2020\/06\/20171111_115451-scaled-e1592228823962-2048x1266.jpg 2048w\" sizes=\"(max-width: 300px) 100vw, 300px\" \/><\/div><a class=\"wp-block-latest-posts__post-title\" href=\"https:\/\/collectifpleinlavue.org\/index.php\/2020\/06\/15\/suite-a-la-crise-sanitaire-et-en-pleine-crise-budgetaire-le-sytral-fait-cadeau-de-112-millions-deuros-a-la-multinationale-publicitaire-clear-channel\/\">Suite \u00e0 la crise sanitaire et en pleine crise budg\u00e9taire, le SYTRAL fait cadeau de 1,12 millions d\u2019euros \u00e0 la multinationale publicitaire Clear Channel<\/a><div class=\"wp-block-latest-posts__post-excerpt\">Communiqu\u00e9 de presse Collectif Plein la vue &#8211; 15 juin 2020 Pour le collectif Plein La Vue, s\u2019il y a bien quelque chose de pire que la publicit\u00e9 impos\u00e9e aux usagers dans le m\u00e9tro, c\u2019est cette m\u00eame publicit\u00e9 sans aucune contrepartie financi\u00e8re. La d\u00e9cision du SYTRAL d\u2019exon\u00e9rer l\u2019entreprise publicitaire\u2026 <a class=\"wp-block-latest-posts__read-more\" href=\"https:\/\/collectifpleinlavue.org\/index.php\/2020\/06\/15\/suite-a-la-crise-sanitaire-et-en-pleine-crise-budgetaire-le-sytral-fait-cadeau-de-112-millions-deuros-a-la-multinationale-publicitaire-clear-channel\/\" rel=\"noopener noreferrer\">Lire la suite<span class=\"screen-reader-text\">\u00a0: Suite \u00e0 la crise sanitaire et en pleine crise budg\u00e9taire, le SYTRAL fait cadeau de 1,12 millions d\u2019euros \u00e0 la multinationale publicitaire Clear Channel<\/span><\/a><\/div><\/li>\n<\/ul>","protected":false},"excerpt":{"rendered":"<p>Derni\u00e8res News<\/p>\n","protected":false},"author":1,"featured_media":0,"parent":0,"menu_order":0,"comment_status":"closed","ping_status":"closed","template":"","meta":{"footnotes":""},"class_list":["post-10","page","type-page","status-publish","hentry"],"blocksy_meta":[],"_links":{"self":[{"href":"https:\/\/collectifpleinlavue.org\/index.php\/wp-json\/wp\/v2\/pages\/10","targetHints":{"allow":["GET"]}}],"collection":[{"href":"https:\/\/collectifpleinlavue.org\/index.php\/wp-json\/wp\/v2\/pages"}],"about":[{"href":"https:\/\/collectifpleinlavue.org\/index.php\/wp-json\/wp\/v2\/types\/page"}],"author":[{"embeddable":true,"href":"https:\/\/collectifpleinlavue.org\/index.php\/wp-json\/wp\/v2\/users\/1"}],"replies":[{"embeddable":true,"href":"https:\/\/collectifpleinlavue.org\/index.php\/wp-json\/wp\/v2\/comments?post=10"}],"version-history":[{"count":8,"href":"https:\/\/collectifpleinlavue.org\/index.php\/wp-json\/wp\/v2\/pages\/10\/revisions"}],"predecessor-version":[{"id":2556,"href":"https:\/\/collectifpleinlavue.org\/index.php\/wp-json\/wp\/v2\/pages\/10\/revisions\/2556"}],"wp:attachment":[{"href":"https:\/\/collectifpleinlavue.org\/index.php\/wp-json\/wp\/v2\/media?parent=10"}],"curies":[{"name":"wp","href":"https:\/\/api.w.org\/{rel}","templated":true}]}}